{"version":"1.0","provider_name":"Andr\u00e9s Bl\u00f6gle","provider_url":"https:\/\/dietenberger.de\/blog","author_name":"Andr\u00e9","author_url":"https:\/\/dietenberger.de\/blog\/author\/wp_admin\/","title":"Vor 95 Jahren: Die Novemberrevolution in Stuttgart - Andr\u00e9s Bl\u00f6gle","type":"rich","width":600,"height":338,"html":"<blockquote class=\"wp-embedded-content\" data-secret=\"DhMS9lVral\"><a href=\"https:\/\/dietenberger.de\/blog\/2013\/11\/09\/vor-95-jahren-die-novemberrevolution-in-stuttgart\/\">Vor 95 Jahren: Die Novemberrevolution in Stuttgart<\/a><\/blockquote><iframe sandbox=\"allow-scripts\" security=\"restricted\" src=\"https:\/\/dietenberger.de\/blog\/2013\/11\/09\/vor-95-jahren-die-novemberrevolution-in-stuttgart\/embed\/#?secret=DhMS9lVral\" width=\"600\" height=\"338\" title=\"&#8222;Vor 95 Jahren: Die Novemberrevolution in Stuttgart&#8220; &#8211; Andr\u00e9s Bl\u00f6gle\" data-secret=\"DhMS9lVral\" frameborder=\"0\" marginwidth=\"0\" marginheight=\"0\" scrolling=\"no\" class=\"wp-embedded-content\"><\/iframe><script type=\"text\/javascript\">\n\/* <![CDATA[ *\/\n\/*! This file is auto-generated *\/\n!function(d,l){\"use strict\";l.querySelector&&d.addEventListener&&\"undefined\"!=typeof URL&&(d.wp=d.wp||{},d.wp.receiveEmbedMessage||(d.wp.receiveEmbedMessage=function(e){var t=e.data;if((t||t.secret||t.message||t.value)&&!\/[^a-zA-Z0-9]\/.test(t.secret)){for(var s,r,n,a=l.querySelectorAll('iframe[data-secret=\"'+t.secret+'\"]'),o=l.querySelectorAll('blockquote[data-secret=\"'+t.secret+'\"]'),c=new RegExp(\"^https?:$\",\"i\"),i=0;i<o.length;i++)o[i].style.display=\"none\";for(i=0;i<a.length;i++)s=a[i],e.source===s.contentWindow&&(s.removeAttribute(\"style\"),\"height\"===t.message?(1e3<(r=parseInt(t.value,10))?r=1e3:~~r<200&&(r=200),s.height=r):\"link\"===t.message&&(r=new URL(s.getAttribute(\"src\")),n=new URL(t.value),c.test(n.protocol))&&n.host===r.host&&l.activeElement===s&&(d.top.location.href=t.value))}},d.addEventListener(\"message\",d.wp.receiveEmbedMessage,!1),l.addEventListener(\"DOMContentLoaded\",function(){for(var e,t,s=l.querySelectorAll(\"iframe.wp-embedded-content\"),r=0;r<s.length;r++)(t=(e=s[r]).getAttribute(\"data-secret\"))||(t=Math.random().toString(36).substring(2,12),e.src+=\"#?secret=\"+t,e.setAttribute(\"data-secret\",t)),e.contentWindow.postMessage({message:\"ready\",secret:t},\"*\")},!1)))}(window,document);\n\/* ]]> *\/\n<\/script>\n","description":"1918, Stuttgart. Der Erste Weltkrieg dauert nun schon vier Jahre an. Kaiser Wilhelm II f\u00fchrt unverdrossen den Krieg weiter obwohl l\u00e4ngst absehbar ist das dieser verloren wird. In W\u00fcrttemberg ist der K\u00f6nig und die W\u00fcrttembergische Landesregierung, wie andere Bundesstaaten, dem Kaiser gegen\u00fcber absolut loyal was Politik und gefasste Kriegsbeschl\u00fcsse anbelangt. Wie \u00fcberall im Reich werden [&hellip;]","thumbnail_url":"http:\/\/dietenberger.de\/blog\/nextgen-attach_to_post\/preview\/id--1908"}