{"version":"1.0","provider_name":"Andr\u00e9s Bl\u00f6gle","provider_url":"https:\/\/dietenberger.de\/blog","author_name":"Andr\u00e9","author_url":"https:\/\/dietenberger.de\/blog\/author\/wp_admin\/","title":"Der Nesenbach - Stuttgart im Flu\u00df - Andr\u00e9s Bl\u00f6gle","type":"rich","width":600,"height":338,"html":"<blockquote class=\"wp-embedded-content\" data-secret=\"2ITON1zLWl\"><a href=\"https:\/\/dietenberger.de\/blog\/2012\/08\/21\/der-nesenbach-stuttgart-im-flus-stuttgart-geschichte\/\">Der Nesenbach &#8211; Stuttgart im Flu\u00df<\/a><\/blockquote><iframe sandbox=\"allow-scripts\" security=\"restricted\" src=\"https:\/\/dietenberger.de\/blog\/2012\/08\/21\/der-nesenbach-stuttgart-im-flus-stuttgart-geschichte\/embed\/#?secret=2ITON1zLWl\" width=\"600\" height=\"338\" title=\"&#8222;Der Nesenbach &#8211; Stuttgart im Flu\u00df&#8220; &#8211; Andr\u00e9s Bl\u00f6gle\" data-secret=\"2ITON1zLWl\" frameborder=\"0\" marginwidth=\"0\" marginheight=\"0\" scrolling=\"no\" class=\"wp-embedded-content\"><\/iframe><script type=\"text\/javascript\">\n\/* <![CDATA[ *\/\n\/*! This file is auto-generated *\/\n!function(d,l){\"use strict\";l.querySelector&&d.addEventListener&&\"undefined\"!=typeof URL&&(d.wp=d.wp||{},d.wp.receiveEmbedMessage||(d.wp.receiveEmbedMessage=function(e){var t=e.data;if((t||t.secret||t.message||t.value)&&!\/[^a-zA-Z0-9]\/.test(t.secret)){for(var s,r,n,a=l.querySelectorAll('iframe[data-secret=\"'+t.secret+'\"]'),o=l.querySelectorAll('blockquote[data-secret=\"'+t.secret+'\"]'),c=new RegExp(\"^https?:$\",\"i\"),i=0;i<o.length;i++)o[i].style.display=\"none\";for(i=0;i<a.length;i++)s=a[i],e.source===s.contentWindow&&(s.removeAttribute(\"style\"),\"height\"===t.message?(1e3<(r=parseInt(t.value,10))?r=1e3:~~r<200&&(r=200),s.height=r):\"link\"===t.message&&(r=new URL(s.getAttribute(\"src\")),n=new URL(t.value),c.test(n.protocol))&&n.host===r.host&&l.activeElement===s&&(d.top.location.href=t.value))}},d.addEventListener(\"message\",d.wp.receiveEmbedMessage,!1),l.addEventListener(\"DOMContentLoaded\",function(){for(var e,t,s=l.querySelectorAll(\"iframe.wp-embedded-content\"),r=0;r<s.length;r++)(t=(e=s[r]).getAttribute(\"data-secret\"))||(t=Math.random().toString(36).substring(2,12),e.src+=\"#?secret=\"+t,e.setAttribute(\"data-secret\",t)),e.contentWindow.postMessage({message:\"ready\",secret:t},\"*\")},!1)))}(window,document);\n\/* ]]> *\/\n<\/script>\n","description":"Stuttgart behauptet sehr gerne Stadt am Neckar zu sein. Doch das erz\u00e4hlt man mal einem Cannstatter &#8211; Der wird heftigsten Protest einlegen. Nicht Stuttgart, sondern Bad Cannstatt liegt am Neckar. Stuttgart k\u00f6nnte sich h\u00f6chstens Stadt am Nesenbach nennen. Mag sie aber nicht, denn seit dem Mittelalter wird der Nesenbach nur mit F\u00e4kalien in Verbindung gebracht."}